{"id":6049,"date":"2023-09-26T13:38:47","date_gmt":"2023-09-26T16:38:47","guid":{"rendered":"https:\/\/www.montale.com.br\/?page_id=6049"},"modified":"2023-12-01T05:14:41","modified_gmt":"2023-12-01T08:14:41","slug":"o-que-voce-precisa-saber","status":"publish","type":"page","link":"http:\/\/www.montale.com.br\/pt\/o-que-voce-precisa-saber\/","title":{"rendered":"O QUE VOC\u00ca PRECISA SABER?"},"content":{"rendered":"\t\t<div data-elementor-type=\"wp-page\" data-elementor-id=\"6049\" class=\"elementor elementor-6049\" data-elementor-post-type=\"page\">\n\t\t\t\t\t\t\t        <section class=\"elementor-section elementor-top-section elementor-element elementor-element-7e89b58 elementor-section-boxed elementor-section-height-default elementor-section-height-default ct-header-fixed-none ct-row-max-none\" data-id=\"7e89b58\" data-element_type=\"section\">\n            \n                        <div class=\"elementor-container elementor-column-gap-default \">\n                    <div class=\"elementor-column elementor-col-100 elementor-top-column elementor-element elementor-element-64cf984\" data-id=\"64cf984\" data-element_type=\"column\">\n            <div class=\"elementor-widget-wrap elementor-element-populated\">\n                        \t\t<div class=\"elementor-element elementor-element-4b37f81 elementor-widget elementor-widget-spacer\" data-id=\"4b37f81\" data-element_type=\"widget\" data-widget_type=\"spacer.default\">\n\t\t\t\t<div class=\"elementor-widget-container\">\n\t\t\t<style>\/*! elementor - v3.18.0 - 04-12-2023 *\/\n.elementor-column .elementor-spacer-inner{height:var(--spacer-size)}.e-con{--container-widget-width:100%}.e-con-inner>.elementor-widget-spacer,.e-con>.elementor-widget-spacer{width:var(--container-widget-width,var(--spacer-size));--align-self:var(--container-widget-align-self,initial);--flex-shrink:0}.e-con-inner>.elementor-widget-spacer>.elementor-widget-container,.e-con>.elementor-widget-spacer>.elementor-widget-container{height:100%;width:100%}.e-con-inner>.elementor-widget-spacer>.elementor-widget-container>.elementor-spacer,.e-con>.elementor-widget-spacer>.elementor-widget-container>.elementor-spacer{height:100%}.e-con-inner>.elementor-widget-spacer>.elementor-widget-container>.elementor-spacer>.elementor-spacer-inner,.e-con>.elementor-widget-spacer>.elementor-widget-container>.elementor-spacer>.elementor-spacer-inner{height:var(--container-widget-height,var(--spacer-size))}.e-con-inner>.elementor-widget-spacer.elementor-widget-empty,.e-con>.elementor-widget-spacer.elementor-widget-empty{position:relative;min-height:22px;min-width:22px}.e-con-inner>.elementor-widget-spacer.elementor-widget-empty .elementor-widget-empty-icon,.e-con>.elementor-widget-spacer.elementor-widget-empty .elementor-widget-empty-icon{position:absolute;top:0;bottom:0;left:0;right:0;margin:auto;padding:0;width:22px;height:22px}<\/style>\t\t<div class=\"elementor-spacer\">\n\t\t\t<div class=\"elementor-spacer-inner\"><\/div>\n\t\t<\/div>\n\t\t\t\t<\/div>\n\t\t\t\t<\/div>\n\t\t            <\/div>\n        <\/div>\n                            <\/div>\n        <\/section>\n                <section class=\"elementor-section elementor-top-section elementor-element elementor-element-280bbee elementor-section-boxed elementor-section-height-default elementor-section-height-default ct-header-fixed-none ct-row-max-none\" data-id=\"280bbee\" data-element_type=\"section\">\n            \n                        <div class=\"elementor-container elementor-column-gap-default \">\n                    <div class=\"elementor-column elementor-col-50 elementor-top-column elementor-element elementor-element-739cf77\" data-id=\"739cf77\" data-element_type=\"column\">\n            <div class=\"elementor-widget-wrap elementor-element-populated\">\n                        \t\t<div class=\"elementor-element elementor-element-ca1ddec elementor-widget elementor-widget-spacer\" data-id=\"ca1ddec\" data-element_type=\"widget\" data-widget_type=\"spacer.default\">\n\t\t\t\t<div class=\"elementor-widget-container\">\n\t\t\t\t\t<div class=\"elementor-spacer\">\n\t\t\t<div class=\"elementor-spacer-inner\"><\/div>\n\t\t<\/div>\n\t\t\t\t<\/div>\n\t\t\t\t<\/div>\n\t\t\t\t<div class=\"elementor-element elementor-element-f563ee3 elementor-widget elementor-widget-ct_heading\" data-id=\"f563ee3\" data-element_type=\"widget\" data-widget_type=\"ct_heading.default\">\n\t\t\t\t<div class=\"elementor-widget-container\">\n\t\t\t<div id=\"ct_heading-f563ee3\" class=\"ct-heading h-align-center sub-style1 ct-heading-left item-st-default\">\n\t<div class=\"ct-item--inner\">\n        <div class=\"ct-inline-css\"  data-css=\"\n            \">\n        <\/div>\n                <h3 class=\"item--title st-default wow wow fadeInUp\" data-wow-delay=\"ms\">\n                        <span class=\"sp-main\">\n                \n                <strong>O QUE VOC\u00ca  <strong><br><p style=\"font-size: 30px\"> PRECISA SABER?\n                \n                            <\/span>\n                    <\/h3>\n    <\/div>\n<\/div>\t\t<\/div>\n\t\t\t\t<\/div>\n\t\t            <\/div>\n        <\/div>\n                <div class=\"elementor-column elementor-col-50 elementor-top-column elementor-element elementor-element-6daf8f5\" data-id=\"6daf8f5\" data-element_type=\"column\">\n            <div class=\"elementor-widget-wrap elementor-element-populated\">\n                        \t\t<div class=\"elementor-element elementor-element-810da19 elementor-widget elementor-widget-image\" data-id=\"810da19\" data-element_type=\"widget\" data-widget_type=\"image.default\">\n\t\t\t\t<div class=\"elementor-widget-container\">\n\t\t\t<style>\/*! elementor - v3.18.0 - 04-12-2023 *\/\n.elementor-widget-image{text-align:center}.elementor-widget-image a{display:inline-block}.elementor-widget-image a img[src$=\".svg\"]{width:48px}.elementor-widget-image img{vertical-align:middle;display:inline-block}<\/style>\t\t\t\t\t\t\t\t\t\t\t\t<img fetchpriority=\"high\" decoding=\"async\" width=\"491\" height=\"447\" src=\"https:\/\/www.montale.com.br\/wp-content\/uploads\/2023\/09\/faq.png\" class=\"attachment-full size-full wp-image-6051\" alt=\"\" srcset=\"https:\/\/www.montale.com.br\/wp-content\/uploads\/2023\/09\/faq.png 491w, https:\/\/www.montale.com.br\/wp-content\/uploads\/2023\/09\/faq-300x273.png 300w, https:\/\/www.montale.com.br\/wp-content\/uploads\/2023\/09\/faq-13x12.png 13w\" sizes=\"(max-width: 491px) 100vw, 491px\" \/>\t\t\t\t\t\t\t\t\t\t\t\t\t\t\t<\/div>\n\t\t\t\t<\/div>\n\t\t            <\/div>\n        <\/div>\n                            <\/div>\n        <\/section>\n                <section class=\"elementor-section elementor-top-section elementor-element elementor-element-c0fca8e elementor-section-boxed elementor-section-height-default elementor-section-height-default ct-header-fixed-none ct-row-max-none\" data-id=\"c0fca8e\" data-element_type=\"section\">\n            \n                        <div class=\"elementor-container elementor-column-gap-default \">\n                    <div class=\"elementor-column elementor-col-100 elementor-top-column elementor-element elementor-element-a21c023\" data-id=\"a21c023\" data-element_type=\"column\">\n            <div class=\"elementor-widget-wrap elementor-element-populated\">\n                        \t\t<div class=\"elementor-element elementor-element-0c76ead elementor-widget elementor-widget-spacer\" data-id=\"0c76ead\" data-element_type=\"widget\" data-widget_type=\"spacer.default\">\n\t\t\t\t<div class=\"elementor-widget-container\">\n\t\t\t\t\t<div class=\"elementor-spacer\">\n\t\t\t<div class=\"elementor-spacer-inner\"><\/div>\n\t\t<\/div>\n\t\t\t\t<\/div>\n\t\t\t\t<\/div>\n\t\t            <\/div>\n        <\/div>\n                            <\/div>\n        <\/section>\n                <section class=\"elementor-section elementor-top-section elementor-element elementor-element-e1ab785 elementor-section-boxed elementor-section-height-default elementor-section-height-default ct-header-fixed-none ct-row-max-none\" data-id=\"e1ab785\" data-element_type=\"section\">\n            \n                        <div class=\"elementor-container elementor-column-gap-default \">\n                    <div class=\"elementor-column elementor-col-100 elementor-top-column elementor-element elementor-element-8cc21e5\" data-id=\"8cc21e5\" data-element_type=\"column\">\n            <div class=\"elementor-widget-wrap elementor-element-populated\">\n                        \t\t<div class=\"elementor-element elementor-element-2e2e8c7 elementor-align-justify elementor-widget elementor-widget-button\" data-id=\"2e2e8c7\" data-element_type=\"widget\" data-widget_type=\"button.default\">\n\t\t\t\t<div class=\"elementor-widget-container\">\n\t\t\t\t\t<div class=\"elementor-button-wrapper\">\n\t\t\t<a class=\"elementor-button elementor-button-link elementor-size-sm\" href=\"https:\/\/www.montale.com.br\/arquivos\/2018\/08\/11.-Dicion\u00e1rio-da-Montale.pdf\">\n\t\t\t\t\t\t<span class=\"elementor-button-content-wrapper\">\n\t\t\t\t\t\t<span class=\"elementor-button-text\">Clique aqui e baixe os nossos conceitos-chave<\/span>\n\t\t<\/span>\n\t\t\t\t\t<\/a>\n\t\t<\/div>\n\t\t\t\t<\/div>\n\t\t\t\t<\/div>\n\t\t            <\/div>\n        <\/div>\n                            <\/div>\n        <\/section>\n                <section class=\"elementor-section elementor-top-section elementor-element elementor-element-f1de463 elementor-section-boxed elementor-section-height-default elementor-section-height-default ct-header-fixed-none ct-row-max-none\" data-id=\"f1de463\" data-element_type=\"section\">\n            \n                        <div class=\"elementor-container elementor-column-gap-extended \">\n                    <div class=\"elementor-column elementor-col-100 elementor-top-column elementor-element elementor-element-1c1e2e8\" data-id=\"1c1e2e8\" data-element_type=\"column\">\n            <div class=\"elementor-widget-wrap elementor-element-populated\">\n                        \t\t<div class=\"elementor-element elementor-element-5fe241a elementor-widget elementor-widget-toggle\" data-id=\"5fe241a\" data-element_type=\"widget\" data-widget_type=\"toggle.default\">\n\t\t\t\t<div class=\"elementor-widget-container\">\n\t\t\t<style>.elementor-toggle{text-align:left}.elementor-toggle .elementor-tab-title{font-weight:700;line-height:1;margin:0;padding:15px;border-bottom:1px solid #d5d8dc;cursor:pointer;outline:none}.elementor-toggle .elementor-tab-title .elementor-toggle-icon{display:inline-block;width:1em}.elementor-toggle .elementor-tab-title .elementor-toggle-icon svg{margin-inline-start:-5px;width:1em;height:1em}.elementor-toggle .elementor-tab-title .elementor-toggle-icon.elementor-toggle-icon-right{float:right;text-align:right}.elementor-toggle .elementor-tab-title .elementor-toggle-icon.elementor-toggle-icon-left{float:left;text-align:left}.elementor-toggle .elementor-tab-title .elementor-toggle-icon .elementor-toggle-icon-closed{display:block}.elementor-toggle .elementor-tab-title .elementor-toggle-icon .elementor-toggle-icon-opened{display:none}.elementor-toggle .elementor-tab-title.elementor-active{border-bottom:none}.elementor-toggle .elementor-tab-title.elementor-active .elementor-toggle-icon-closed{display:none}.elementor-toggle .elementor-tab-title.elementor-active .elementor-toggle-icon-opened{display:block}.elementor-toggle .elementor-tab-content{padding:15px;border-bottom:1px solid #d5d8dc;display:none}@media (max-width:767px){.elementor-toggle .elementor-tab-title{padding:12px}.elementor-toggle .elementor-tab-content{padding:12px 10px}}.e-con-inner>.elementor-widget-toggle,.e-con>.elementor-widget-toggle{width:var(--container-widget-width);--flex-grow:var(--container-widget-flex-grow)}<\/style>\t\t<div class=\"elementor-toggle\">\n\t\t\t\t\t\t\t<div class=\"elementor-toggle-item\">\n\t\t\t\t\t<div id=\"elementor-tab-title-1001\" class=\"elementor-tab-title\" data-tab=\"1\" role=\"button\" aria-controls=\"elementor-tab-content-1001\" aria-expanded=\"false\">\n\t\t\t\t\t\t\t\t\t\t\t\t<span class=\"elementor-toggle-icon elementor-toggle-icon-left\" aria-hidden=\"true\">\n\t\t\t\t\t\t\t\t\t\t\t\t\t\t\t<span class=\"elementor-toggle-icon-closed\"><i class=\"material zmdi zmdi-plus\"><\/i><\/span>\n\t\t\t\t\t\t\t\t<span class=\"elementor-toggle-icon-opened\"><i class=\"elementor-toggle-icon-opened fas fa-minus\"><\/i><\/span>\n\t\t\t\t\t\t\t\t\t\t\t\t\t<\/span>\n\t\t\t\t\t\t\t\t\t\t\t\t<a class=\"elementor-toggle-title\" tabindex=\"0\">Qual \u00e9 a correspond\u00eancia das s\u00e9ries\/anos entre o curr\u00edculo brasileiro e italiano?<\/a>\n\t\t\t\t\t<\/div>\n\n\t\t\t\t\t<div id=\"elementor-tab-content-1001\" class=\"elementor-tab-content elementor-clearfix\" data-tab=\"1\" role=\"region\" aria-labelledby=\"elementor-tab-title-1001\"><table width=\"564\"><tbody><tr><td colspan=\"2\" width=\"328\"><strong>Scuola Italiana<\/strong><\/td><td colspan=\"2\" width=\"236\"><strong>Escola Brasileira<\/strong><\/td><\/tr><tr><td rowspan=\"5\" width=\"150\"><strong>Scuola<\/strong>\u00a0<strong>Primaria<\/strong><\/td><td width=\"177\">1\u00aa Primaria<\/td><td width=\"145\">1\u00ba ano<\/td><td rowspan=\"9\" width=\"91\"><strong>Ensino<\/strong>\u00a0<strong>Fundamental<\/strong><\/td><\/tr><tr><td width=\"177\">2\u00aa Primaria<\/td><td width=\"145\">2\u00ba ano<\/td><\/tr><tr><td width=\"177\">3\u00aa Primaria<\/td><td width=\"145\">3\u00ba ano<\/td><\/tr><tr><td width=\"177\">4\u00aa Primaria<\/td><td width=\"145\">4\u00ba ano<\/td><\/tr><tr><td width=\"177\">5\u00aa Primaria<\/td><td width=\"145\">5\u00ba ano<\/td><\/tr><tr><td rowspan=\"3\" width=\"150\"><strong>Scuola Secondaria I Grado<\/strong><\/td><td width=\"177\">I<\/td><td width=\"145\">6\u00ba ano<\/td><\/tr><tr><td width=\"177\">III<\/td><td width=\"145\">7\u00ba ano<\/td><\/tr><tr><td width=\"177\">III<\/td><td width=\"145\">8\u00ba ano<\/td><\/tr><tr><td rowspan=\"4\" width=\"150\"><strong>Scuola Secondaria II Grado<\/strong><p>\u00a0<\/p><p><strong>Liceo<\/strong><\/p><\/td><td width=\"177\">I Liceo<\/td><td width=\"145\">9\u00b0<p>\u00a0<\/p><p>\u00a0<\/p><\/td><\/tr><tr><td width=\"177\">II Liceo<\/td><td width=\"145\">1\u00aa s\u00e9rie<\/td><td rowspan=\"3\" width=\"91\"><strong>\u00a0\u00a0 Ensino<\/strong>\u00a0<strong>M\u00e9dio<\/strong><\/td><\/tr><tr><td width=\"177\">III Liceo<\/td><td width=\"145\">2\u00aa s\u00e9rie<\/td><\/tr><tr><td width=\"177\">IV Liceo<\/td><td width=\"145\">3\u00aa serie<\/td><\/tr><\/tbody><\/table><\/div>\n\t\t\t\t<\/div>\n\t\t\t\t\t\t\t<div class=\"elementor-toggle-item\">\n\t\t\t\t\t<div id=\"elementor-tab-title-1002\" class=\"elementor-tab-title\" data-tab=\"2\" role=\"button\" aria-controls=\"elementor-tab-content-1002\" aria-expanded=\"false\">\n\t\t\t\t\t\t\t\t\t\t\t\t<span class=\"elementor-toggle-icon elementor-toggle-icon-left\" aria-hidden=\"true\">\n\t\t\t\t\t\t\t\t\t\t\t\t\t\t\t<span class=\"elementor-toggle-icon-closed\"><i class=\"material zmdi zmdi-plus\"><\/i><\/span>\n\t\t\t\t\t\t\t\t<span class=\"elementor-toggle-icon-opened\"><i class=\"elementor-toggle-icon-opened fas fa-minus\"><\/i><\/span>\n\t\t\t\t\t\t\t\t\t\t\t\t\t<\/span>\n\t\t\t\t\t\t\t\t\t\t\t\t<a class=\"elementor-toggle-title\" tabindex=\"0\">Al\u00e9m do italiano, a escola oferece o ensino em ingl\u00eas?<\/a>\n\t\t\t\t\t<\/div>\n\n\t\t\t\t\t<div id=\"elementor-tab-content-1002\" class=\"elementor-tab-content elementor-clearfix\" data-tab=\"2\" role=\"region\" aria-labelledby=\"elementor-tab-title-1002\"><p>Sim, a partir do 1\u00ba ano do Ensino Fundamental (I Primaria). O projeto formativo da escola prev\u00ea a flu\u00eancia nas tr\u00eas l\u00ednguas: italiano, portugu\u00eas e ingl\u00eas.<\/p><\/div>\n\t\t\t\t<\/div>\n\t\t\t\t\t\t\t<div class=\"elementor-toggle-item\">\n\t\t\t\t\t<div id=\"elementor-tab-title-1003\" class=\"elementor-tab-title\" data-tab=\"3\" role=\"button\" aria-controls=\"elementor-tab-content-1003\" aria-expanded=\"false\">\n\t\t\t\t\t\t\t\t\t\t\t\t<span class=\"elementor-toggle-icon elementor-toggle-icon-left\" aria-hidden=\"true\">\n\t\t\t\t\t\t\t\t\t\t\t\t\t\t\t<span class=\"elementor-toggle-icon-closed\"><i class=\"material zmdi zmdi-plus\"><\/i><\/span>\n\t\t\t\t\t\t\t\t<span class=\"elementor-toggle-icon-opened\"><i class=\"elementor-toggle-icon-opened fas fa-minus\"><\/i><\/span>\n\t\t\t\t\t\t\t\t\t\t\t\t\t<\/span>\n\t\t\t\t\t\t\t\t\t\t\t\t<a class=\"elementor-toggle-title\" tabindex=\"0\">Meu filho estuda numa escola brasileira, ele pode estudar na Montale?<\/a>\n\t\t\t\t\t<\/div>\n\n\t\t\t\t\t<div id=\"elementor-tab-content-1003\" class=\"elementor-tab-content elementor-clearfix\" data-tab=\"3\" role=\"region\" aria-labelledby=\"elementor-tab-title-1003\"><p>Sim, a escola \u00e9 aberta a todos alunos que estudam em escolas brasileiras ou do exterior.<\/p><\/div>\n\t\t\t\t<\/div>\n\t\t\t\t\t\t\t<div class=\"elementor-toggle-item\">\n\t\t\t\t\t<div id=\"elementor-tab-title-1004\" class=\"elementor-tab-title\" data-tab=\"4\" role=\"button\" aria-controls=\"elementor-tab-content-1004\" aria-expanded=\"false\">\n\t\t\t\t\t\t\t\t\t\t\t\t<span class=\"elementor-toggle-icon elementor-toggle-icon-left\" aria-hidden=\"true\">\n\t\t\t\t\t\t\t\t\t\t\t\t\t\t\t<span class=\"elementor-toggle-icon-closed\"><i class=\"material zmdi zmdi-plus\"><\/i><\/span>\n\t\t\t\t\t\t\t\t<span class=\"elementor-toggle-icon-opened\"><i class=\"elementor-toggle-icon-opened fas fa-minus\"><\/i><\/span>\n\t\t\t\t\t\t\t\t\t\t\t\t\t<\/span>\n\t\t\t\t\t\t\t\t\t\t\t\t<a class=\"elementor-toggle-title\" tabindex=\"0\">Meu filho nunca aprendeu italiano, a escola oferece um programa de apoio?<\/a>\n\t\t\t\t\t<\/div>\n\n\t\t\t\t\t<div id=\"elementor-tab-content-1004\" class=\"elementor-tab-content elementor-clearfix\" data-tab=\"4\" role=\"region\" aria-labelledby=\"elementor-tab-title-1004\"><p>Para os alunos da Scuola Primaria (anos iniciais do Ensino Fundamental), a escola oferece \u201caulas de refor\u00e7o\u201d do idioma italiano durante o pr\u00f3prio hor\u00e1rio escolar. Para os demais, \u00e9 previsto, al\u00e9m do apoio no hor\u00e1rio escolar, curso de apoio no contraturno.<\/p><\/div>\n\t\t\t\t<\/div>\n\t\t\t\t\t\t\t<div class=\"elementor-toggle-item\">\n\t\t\t\t\t<div id=\"elementor-tab-title-1005\" class=\"elementor-tab-title\" data-tab=\"5\" role=\"button\" aria-controls=\"elementor-tab-content-1005\" aria-expanded=\"false\">\n\t\t\t\t\t\t\t\t\t\t\t\t<span class=\"elementor-toggle-icon elementor-toggle-icon-left\" aria-hidden=\"true\">\n\t\t\t\t\t\t\t\t\t\t\t\t\t\t\t<span class=\"elementor-toggle-icon-closed\"><i class=\"material zmdi zmdi-plus\"><\/i><\/span>\n\t\t\t\t\t\t\t\t<span class=\"elementor-toggle-icon-opened\"><i class=\"elementor-toggle-icon-opened fas fa-minus\"><\/i><\/span>\n\t\t\t\t\t\t\t\t\t\t\t\t\t<\/span>\n\t\t\t\t\t\t\t\t\t\t\t\t<a class=\"elementor-toggle-title\" tabindex=\"0\">Como realizo a matr\u00edcula do meu filho?<\/a>\n\t\t\t\t\t<\/div>\n\n\t\t\t\t\t<div id=\"elementor-tab-content-1005\" class=\"elementor-tab-content elementor-clearfix\" data-tab=\"5\" role=\"region\" aria-labelledby=\"elementor-tab-title-1005\"><p>Ap\u00f3s o preenchimento da ficha de inscri\u00e7\u00e3o na secretaria e entrega dos documentos necess\u00e1rios, o contrato de presta\u00e7\u00e3o de servi\u00e7os educacionais \u00e9 assinado e deve ser feito o pagamento da matr\u00edcula.<\/p><\/div>\n\t\t\t\t<\/div>\n\t\t\t\t\t\t\t<div class=\"elementor-toggle-item\">\n\t\t\t\t\t<div id=\"elementor-tab-title-1006\" class=\"elementor-tab-title\" data-tab=\"6\" role=\"button\" aria-controls=\"elementor-tab-content-1006\" aria-expanded=\"false\">\n\t\t\t\t\t\t\t\t\t\t\t\t<span class=\"elementor-toggle-icon elementor-toggle-icon-left\" aria-hidden=\"true\">\n\t\t\t\t\t\t\t\t\t\t\t\t\t\t\t<span class=\"elementor-toggle-icon-closed\"><i class=\"material zmdi zmdi-plus\"><\/i><\/span>\n\t\t\t\t\t\t\t\t<span class=\"elementor-toggle-icon-opened\"><i class=\"elementor-toggle-icon-opened fas fa-minus\"><\/i><\/span>\n\t\t\t\t\t\t\t\t\t\t\t\t\t<\/span>\n\t\t\t\t\t\t\t\t\t\t\t\t<a class=\"elementor-toggle-title\" tabindex=\"0\">Meu filho \u00e9 proveniente da It\u00e1lia, deve fazer alguma adapta\u00e7\u00e3o ou complemento de disciplinas?<\/a>\n\t\t\t\t\t<\/div>\n\n\t\t\t\t\t<div id=\"elementor-tab-content-1006\" class=\"elementor-tab-content elementor-clearfix\" data-tab=\"6\" role=\"region\" aria-labelledby=\"elementor-tab-title-1006\"><p>Para os alunos provenientes da It\u00e1lia (Scuola Secondaria di I e di II Grado), a escola prev\u00ea um curso de apoio em l\u00edngua portuguesa no hor\u00e1rio escolar ou no contraturno, dependendo da situa\u00e7\u00e3o.<\/p><\/div>\n\t\t\t\t<\/div>\n\t\t\t\t\t\t\t<div class=\"elementor-toggle-item\">\n\t\t\t\t\t<div id=\"elementor-tab-title-1007\" class=\"elementor-tab-title\" data-tab=\"7\" role=\"button\" aria-controls=\"elementor-tab-content-1007\" aria-expanded=\"false\">\n\t\t\t\t\t\t\t\t\t\t\t\t<span class=\"elementor-toggle-icon elementor-toggle-icon-left\" aria-hidden=\"true\">\n\t\t\t\t\t\t\t\t\t\t\t\t\t\t\t<span class=\"elementor-toggle-icon-closed\"><i class=\"material zmdi zmdi-plus\"><\/i><\/span>\n\t\t\t\t\t\t\t\t<span class=\"elementor-toggle-icon-opened\"><i class=\"elementor-toggle-icon-opened fas fa-minus\"><\/i><\/span>\n\t\t\t\t\t\t\t\t\t\t\t\t\t<\/span>\n\t\t\t\t\t\t\t\t\t\t\t\t<a class=\"elementor-toggle-title\" tabindex=\"0\">Quantos alunos h\u00e1 em cada sala?<\/a>\n\t\t\t\t\t<\/div>\n\n\t\t\t\t\t<div id=\"elementor-tab-content-1007\" class=\"elementor-tab-content elementor-clearfix\" data-tab=\"7\" role=\"region\" aria-labelledby=\"elementor-tab-title-1007\"><p>Em conformidade com a proposta pedag\u00f3gica da escola, todas as turmas t\u00eam n\u00famero reduzido de alunos, a quantidade depender\u00e1 do n\u00edvel de ensino\/ segmento.<\/p><\/div>\n\t\t\t\t<\/div>\n\t\t\t\t\t\t\t<div class=\"elementor-toggle-item\">\n\t\t\t\t\t<div id=\"elementor-tab-title-1008\" class=\"elementor-tab-title\" data-tab=\"8\" role=\"button\" aria-controls=\"elementor-tab-content-1008\" aria-expanded=\"false\">\n\t\t\t\t\t\t\t\t\t\t\t\t<span class=\"elementor-toggle-icon elementor-toggle-icon-left\" aria-hidden=\"true\">\n\t\t\t\t\t\t\t\t\t\t\t\t\t\t\t<span class=\"elementor-toggle-icon-closed\"><i class=\"material zmdi zmdi-plus\"><\/i><\/span>\n\t\t\t\t\t\t\t\t<span class=\"elementor-toggle-icon-opened\"><i class=\"elementor-toggle-icon-opened fas fa-minus\"><\/i><\/span>\n\t\t\t\t\t\t\t\t\t\t\t\t\t<\/span>\n\t\t\t\t\t\t\t\t\t\t\t\t<a class=\"elementor-toggle-title\" tabindex=\"0\">Para a educa\u00e7\u00e3o infantil \u00e9 necess\u00e1rio fazer um per\u00edodo de adapta\u00e7\u00e3o?<\/a>\n\t\t\t\t\t<\/div>\n\n\t\t\t\t\t<div id=\"elementor-tab-content-1008\" class=\"elementor-tab-content elementor-clearfix\" data-tab=\"8\" role=\"region\" aria-labelledby=\"elementor-tab-title-1008\"><p>Sim, h\u00e1 um hor\u00e1rio diferenciado para as duas primeiras semanas do per\u00edodo de adapta\u00e7\u00e3o. Para saber mais, consulte nosso e-book exclusivo, sobre a escolha da primeira escola do seu filho.<\/p><\/div>\n\t\t\t\t<\/div>\n\t\t\t\t\t\t\t<div class=\"elementor-toggle-item\">\n\t\t\t\t\t<div id=\"elementor-tab-title-1009\" class=\"elementor-tab-title\" data-tab=\"9\" role=\"button\" aria-controls=\"elementor-tab-content-1009\" aria-expanded=\"false\">\n\t\t\t\t\t\t\t\t\t\t\t\t<span class=\"elementor-toggle-icon elementor-toggle-icon-left\" aria-hidden=\"true\">\n\t\t\t\t\t\t\t\t\t\t\t\t\t\t\t<span class=\"elementor-toggle-icon-closed\"><i class=\"material zmdi zmdi-plus\"><\/i><\/span>\n\t\t\t\t\t\t\t\t<span class=\"elementor-toggle-icon-opened\"><i class=\"elementor-toggle-icon-opened fas fa-minus\"><\/i><\/span>\n\t\t\t\t\t\t\t\t\t\t\t\t\t<\/span>\n\t\t\t\t\t\t\t\t\t\t\t\t<a class=\"elementor-toggle-title\" tabindex=\"0\">Qual \u00e9 o hor\u00e1rio de aula no per\u00edodo de adapta\u00e7\u00e3o na Educa\u00e7\u00e3o Infantil?<\/a>\n\t\t\t\t\t<\/div>\n\n\t\t\t\t\t<div id=\"elementor-tab-content-1009\" class=\"elementor-tab-content elementor-clearfix\" data-tab=\"9\" role=\"region\" aria-labelledby=\"elementor-tab-title-1009\"><p>Os hor\u00e1rios s\u00e3o organizados de maneira progressiva, estruturados da seguinte forma:<br \/>PRIMEIRA SEMANA DE AULA<br \/>1\u00ba dia: das 8h \u00e0s 10h<br \/>2\u00ba dia: das 8h \u00e0s 10h<br \/>3\u00ba dia: das 8h \u00e0s 11h<br \/>4\u00ba dia: das 8h \u00e0s 11h<br \/>5\u00ba dia: das 8h \u00e0s 12h<\/p><p>SEGUNDA SEMANA DE AULA<br \/>1\u00ba dia: das 8h \u00e0s 12h<br \/>2\u00ba dia: das 8h \u00e0s 13h<br \/>3\u00ba dia: das 8h \u00e0s 13h<br \/>4\u00ba dia: das 8h \u00e0s 15h30<br \/>5\u00ba dia: das 8h \u00e0s 15h30<\/p><\/div>\n\t\t\t\t<\/div>\n\t\t\t\t\t\t\t<div class=\"elementor-toggle-item\">\n\t\t\t\t\t<div id=\"elementor-tab-title-10010\" class=\"elementor-tab-title\" data-tab=\"10\" role=\"button\" aria-controls=\"elementor-tab-content-10010\" aria-expanded=\"false\">\n\t\t\t\t\t\t\t\t\t\t\t\t<span class=\"elementor-toggle-icon elementor-toggle-icon-left\" aria-hidden=\"true\">\n\t\t\t\t\t\t\t\t\t\t\t\t\t\t\t<span class=\"elementor-toggle-icon-closed\"><i class=\"material zmdi zmdi-plus\"><\/i><\/span>\n\t\t\t\t\t\t\t\t<span class=\"elementor-toggle-icon-opened\"><i class=\"elementor-toggle-icon-opened fas fa-minus\"><\/i><\/span>\n\t\t\t\t\t\t\t\t\t\t\t\t\t<\/span>\n\t\t\t\t\t\t\t\t\t\t\t\t<a class=\"elementor-toggle-title\" tabindex=\"0\">Posso ficar com meu filho na sala de aula ou v\u00ea-lo de vez em quando?<\/a>\n\t\t\t\t\t<\/div>\n\n\t\t\t\t\t<div id=\"elementor-tab-content-10010\" class=\"elementor-tab-content elementor-clearfix\" data-tab=\"10\" role=\"region\" aria-labelledby=\"elementor-tab-title-10010\"><p>A escola disponibiliza o sagu\u00e3o de entrada para que os pais permane\u00e7am ali durante o processo de adapta\u00e7\u00e3o, para que a socializa\u00e7\u00e3o ocorra com maior tranquilidade, \u00e9 importante que o espa\u00e7o da sala de aula seja reservado para as crian\u00e7as e professores.<\/p><\/div>\n\t\t\t\t<\/div>\n\t\t\t\t\t\t\t<div class=\"elementor-toggle-item\">\n\t\t\t\t\t<div id=\"elementor-tab-title-10011\" class=\"elementor-tab-title\" data-tab=\"11\" role=\"button\" aria-controls=\"elementor-tab-content-10011\" aria-expanded=\"false\">\n\t\t\t\t\t\t\t\t\t\t\t\t<span class=\"elementor-toggle-icon elementor-toggle-icon-left\" aria-hidden=\"true\">\n\t\t\t\t\t\t\t\t\t\t\t\t\t\t\t<span class=\"elementor-toggle-icon-closed\"><i class=\"material zmdi zmdi-plus\"><\/i><\/span>\n\t\t\t\t\t\t\t\t<span class=\"elementor-toggle-icon-opened\"><i class=\"elementor-toggle-icon-opened fas fa-minus\"><\/i><\/span>\n\t\t\t\t\t\t\t\t\t\t\t\t\t<\/span>\n\t\t\t\t\t\t\t\t\t\t\t\t<a class=\"elementor-toggle-title\" tabindex=\"0\">\u00c9 poss\u00edvel optar por um dos dois curr\u00edculos, o brasileiro ou o italiano?<\/a>\n\t\t\t\t\t<\/div>\n\n\t\t\t\t\t<div id=\"elementor-tab-content-10011\" class=\"elementor-tab-content elementor-clearfix\" data-tab=\"11\" role=\"region\" aria-labelledby=\"elementor-tab-title-10011\"><p>N\u00e3o, pois ambos s\u00e3o obrigat\u00f3rios e s\u00e3o realizados de forma integrada<\/p><\/div>\n\t\t\t\t<\/div>\n\t\t\t\t\t\t\t<div class=\"elementor-toggle-item\">\n\t\t\t\t\t<div id=\"elementor-tab-title-10012\" class=\"elementor-tab-title\" data-tab=\"12\" role=\"button\" aria-controls=\"elementor-tab-content-10012\" aria-expanded=\"false\">\n\t\t\t\t\t\t\t\t\t\t\t\t<span class=\"elementor-toggle-icon elementor-toggle-icon-left\" aria-hidden=\"true\">\n\t\t\t\t\t\t\t\t\t\t\t\t\t\t\t<span class=\"elementor-toggle-icon-closed\"><i class=\"material zmdi zmdi-plus\"><\/i><\/span>\n\t\t\t\t\t\t\t\t<span class=\"elementor-toggle-icon-opened\"><i class=\"elementor-toggle-icon-opened fas fa-minus\"><\/i><\/span>\n\t\t\t\t\t\t\t\t\t\t\t\t\t<\/span>\n\t\t\t\t\t\t\t\t\t\t\t\t<a class=\"elementor-toggle-title\" tabindex=\"0\">A escola oferece cursos extracurriculares?<\/a>\n\t\t\t\t\t<\/div>\n\n\t\t\t\t\t<div id=\"elementor-tab-content-10012\" class=\"elementor-tab-content elementor-clearfix\" data-tab=\"12\" role=\"region\" aria-labelledby=\"elementor-tab-title-10012\"><p>Sim, oferece atividades esportivas e culturais.<\/p><\/div>\n\t\t\t\t<\/div>\n\t\t\t\t\t\t\t<div class=\"elementor-toggle-item\">\n\t\t\t\t\t<div id=\"elementor-tab-title-10013\" class=\"elementor-tab-title\" data-tab=\"13\" role=\"button\" aria-controls=\"elementor-tab-content-10013\" aria-expanded=\"false\">\n\t\t\t\t\t\t\t\t\t\t\t\t<span class=\"elementor-toggle-icon elementor-toggle-icon-left\" aria-hidden=\"true\">\n\t\t\t\t\t\t\t\t\t\t\t\t\t\t\t<span class=\"elementor-toggle-icon-closed\"><i class=\"material zmdi zmdi-plus\"><\/i><\/span>\n\t\t\t\t\t\t\t\t<span class=\"elementor-toggle-icon-opened\"><i class=\"elementor-toggle-icon-opened fas fa-minus\"><\/i><\/span>\n\t\t\t\t\t\t\t\t\t\t\t\t\t<\/span>\n\t\t\t\t\t\t\t\t\t\t\t\t<a class=\"elementor-toggle-title\" tabindex=\"0\">\u00c9 necess\u00e1rio reservar vaga para meu filho?<\/a>\n\t\t\t\t\t<\/div>\n\n\t\t\t\t\t<div id=\"elementor-tab-content-10013\" class=\"elementor-tab-content elementor-clearfix\" data-tab=\"13\" role=\"region\" aria-labelledby=\"elementor-tab-title-10013\"><p>Alternar cem determinadas classes \u00e9 necess\u00e1ria a reserva de vaga, em raz\u00e3o do n\u00famero limitado de alunos por classe. Para reservar a vaga, o respons\u00e1vel pela crian\u00e7a deve preencher o requerimento de matr\u00edcula e pagar uma taxa de reserva. Este valor ser\u00e1 descontado no valor da mensalidade, sendo confirmada a matr\u00edcula, por\u00e9m n\u00e3o ser\u00e1 devolvido em caso de desist\u00eancia.onte\u00fado<\/p><\/div>\n\t\t\t\t<\/div>\n\t\t\t\t\t\t\t<div class=\"elementor-toggle-item\">\n\t\t\t\t\t<div id=\"elementor-tab-title-10014\" class=\"elementor-tab-title\" data-tab=\"14\" role=\"button\" aria-controls=\"elementor-tab-content-10014\" aria-expanded=\"false\">\n\t\t\t\t\t\t\t\t\t\t\t\t<span class=\"elementor-toggle-icon elementor-toggle-icon-left\" aria-hidden=\"true\">\n\t\t\t\t\t\t\t\t\t\t\t\t\t\t\t<span class=\"elementor-toggle-icon-closed\"><i class=\"material zmdi zmdi-plus\"><\/i><\/span>\n\t\t\t\t\t\t\t\t<span class=\"elementor-toggle-icon-opened\"><i class=\"elementor-toggle-icon-opened fas fa-minus\"><\/i><\/span>\n\t\t\t\t\t\t\t\t\t\t\t\t\t<\/span>\n\t\t\t\t\t\t\t\t\t\t\t\t<a class=\"elementor-toggle-title\" tabindex=\"0\">Quais s\u00e3o os hor\u00e1rios das aulas?<\/a>\n\t\t\t\t\t<\/div>\n\n\t\t\t\t\t<div id=\"elementor-tab-content-10014\" class=\"elementor-tab-content elementor-clearfix\" data-tab=\"14\" role=\"region\" aria-labelledby=\"elementor-tab-title-10014\"><table><tbody><tr><td width=\"235\">Scuola dell\u2019Infanzia<p>\u00a0<\/p><p>Educa\u00e7\u00e3o Infantil<\/p><p>\u00a0<\/p><\/td><td width=\"261\">Parcial \u2013 das 7h30 \u00e0s 12h00 (sem almo\u00e7o) ou \u00e0s 13h00 com almo\u00e7o.<p>\u00a0<\/p><p>Das 07h30 \u00e0s 15h30 (jornada integral)<\/p><p>Das 07h30 \u00e0s 17h30min (jornada estendida)<\/p><\/td><\/tr><tr><td width=\"235\">Scuola Primaria (de 1\u00ba a 5\u00ba ano do Ensino Fundamental)<\/td><td width=\"261\">\u00a0<p>\u00a0<\/p><p>Das 08h \u00e0s 15h30min<\/p><\/td><\/tr><tr><td width=\"235\">\u00a0Scuola Secondaria di I grado (de 6\u00ba ao 8\u00ba ano do Ensino Fundamental)<\/td><td width=\"261\">\u00a0<p>\u00a0<\/p><p>Das 07h50 \u00e0s 15h45min<\/p><\/td><\/tr><tr><td width=\"235\">Scuola Secondaria di II grado \u2013 liceo (9\u00b0 ano do Fundamental e Ensino M\u00e9dio)<\/td><td width=\"261\">\u00a0<p>\u00a0<\/p><p>Das 07h50 \u00e0s 15h45min<\/p><\/td><\/tr><\/tbody><\/table><\/div>\n\t\t\t\t<\/div>\n\t\t\t\t\t\t\t<div class=\"elementor-toggle-item\">\n\t\t\t\t\t<div id=\"elementor-tab-title-10015\" class=\"elementor-tab-title\" data-tab=\"15\" role=\"button\" aria-controls=\"elementor-tab-content-10015\" aria-expanded=\"false\">\n\t\t\t\t\t\t\t\t\t\t\t\t<span class=\"elementor-toggle-icon elementor-toggle-icon-left\" aria-hidden=\"true\">\n\t\t\t\t\t\t\t\t\t\t\t\t\t\t\t<span class=\"elementor-toggle-icon-closed\"><i class=\"material zmdi zmdi-plus\"><\/i><\/span>\n\t\t\t\t\t\t\t\t<span class=\"elementor-toggle-icon-opened\"><i class=\"elementor-toggle-icon-opened fas fa-minus\"><\/i><\/span>\n\t\t\t\t\t\t\t\t\t\t\t\t\t<\/span>\n\t\t\t\t\t\t\t\t\t\t\t\t<a class=\"elementor-toggle-title\" tabindex=\"0\">\u00c9 poss\u00edvel n\u00e3o estar na escola durante o per\u00edodo de adapta\u00e7\u00e3o? \u00c9 poss\u00edvel que outra pessoa possa faz\u00ea-lo?<\/a>\n\t\t\t\t\t<\/div>\n\n\t\t\t\t\t<div id=\"elementor-tab-content-10015\" class=\"elementor-tab-content elementor-clearfix\" data-tab=\"15\" role=\"region\" aria-labelledby=\"elementor-tab-title-10015\"><p>Sim, desde que seja garantida a perman\u00eancia da mesma pessoa durante as duas semanas.<\/p><\/div>\n\t\t\t\t<\/div>\n\t\t\t\t\t\t\t<div class=\"elementor-toggle-item\">\n\t\t\t\t\t<div id=\"elementor-tab-title-10016\" class=\"elementor-tab-title\" data-tab=\"16\" role=\"button\" aria-controls=\"elementor-tab-content-10016\" aria-expanded=\"false\">\n\t\t\t\t\t\t\t\t\t\t\t\t<span class=\"elementor-toggle-icon elementor-toggle-icon-left\" aria-hidden=\"true\">\n\t\t\t\t\t\t\t\t\t\t\t\t\t\t\t<span class=\"elementor-toggle-icon-closed\"><i class=\"material zmdi zmdi-plus\"><\/i><\/span>\n\t\t\t\t\t\t\t\t<span class=\"elementor-toggle-icon-opened\"><i class=\"elementor-toggle-icon-opened fas fa-minus\"><\/i><\/span>\n\t\t\t\t\t\t\t\t\t\t\t\t\t<\/span>\n\t\t\t\t\t\t\t\t\t\t\t\t<a class=\"elementor-toggle-title\" tabindex=\"0\">Quantas parcelas pagarei durante o ano letivo? Qual a forma de pagamento?<\/a>\n\t\t\t\t\t<\/div>\n\n\t\t\t\t\t<div id=\"elementor-tab-content-10016\" class=\"elementor-tab-content elementor-clearfix\" data-tab=\"16\" role=\"region\" aria-labelledby=\"elementor-tab-title-10016\"><p>A anuidade pode ser dividida em at\u00e9 13 parcelas, sendo 12 mensalidades e 1 matr\u00edcula e os pagamentos s\u00e3o feitos atrav\u00e9s de boleto banc\u00e1rio.<\/p><\/div>\n\t\t\t\t<\/div>\n\t\t\t\t\t\t\t<div class=\"elementor-toggle-item\">\n\t\t\t\t\t<div id=\"elementor-tab-title-10017\" class=\"elementor-tab-title\" data-tab=\"17\" role=\"button\" aria-controls=\"elementor-tab-content-10017\" aria-expanded=\"false\">\n\t\t\t\t\t\t\t\t\t\t\t\t<span class=\"elementor-toggle-icon elementor-toggle-icon-left\" aria-hidden=\"true\">\n\t\t\t\t\t\t\t\t\t\t\t\t\t\t\t<span class=\"elementor-toggle-icon-closed\"><i class=\"material zmdi zmdi-plus\"><\/i><\/span>\n\t\t\t\t\t\t\t\t<span class=\"elementor-toggle-icon-opened\"><i class=\"elementor-toggle-icon-opened fas fa-minus\"><\/i><\/span>\n\t\t\t\t\t\t\t\t\t\t\t\t\t<\/span>\n\t\t\t\t\t\t\t\t\t\t\t\t<a class=\"elementor-toggle-title\" tabindex=\"0\">A escola oferece alguma atividade de recrea\u00e7\u00e3o em hor\u00e1rio estendido?<\/a>\n\t\t\t\t\t<\/div>\n\n\t\t\t\t\t<div id=\"elementor-tab-content-10017\" class=\"elementor-tab-content elementor-clearfix\" data-tab=\"17\" role=\"region\" aria-labelledby=\"elementor-tab-title-10017\"><p>As atividades de recrea\u00e7\u00e3o (aqui chamadas de doposcuola) s\u00e3o organizadas para os alunos da Scuola dell\u2019Infanzia e para os alunos da Scuola Primaria, at\u00e9 a classe III (3\u00ba ano). Funciona das 15h30 \u00e0s 17h30.<\/p><\/div>\n\t\t\t\t<\/div>\n\t\t\t\t\t\t\t<div class=\"elementor-toggle-item\">\n\t\t\t\t\t<div id=\"elementor-tab-title-10018\" class=\"elementor-tab-title\" data-tab=\"18\" role=\"button\" aria-controls=\"elementor-tab-content-10018\" aria-expanded=\"false\">\n\t\t\t\t\t\t\t\t\t\t\t\t<span class=\"elementor-toggle-icon elementor-toggle-icon-left\" aria-hidden=\"true\">\n\t\t\t\t\t\t\t\t\t\t\t\t\t\t\t<span class=\"elementor-toggle-icon-closed\"><i class=\"material zmdi zmdi-plus\"><\/i><\/span>\n\t\t\t\t\t\t\t\t<span class=\"elementor-toggle-icon-opened\"><i class=\"elementor-toggle-icon-opened fas fa-minus\"><\/i><\/span>\n\t\t\t\t\t\t\t\t\t\t\t\t\t<\/span>\n\t\t\t\t\t\t\t\t\t\t\t\t<a class=\"elementor-toggle-title\" tabindex=\"0\">A refei\u00e7\u00e3o est\u00e1 inclusa no valor da mensalidade?<\/a>\n\t\t\t\t\t<\/div>\n\n\t\t\t\t\t<div id=\"elementor-tab-content-10018\" class=\"elementor-tab-content elementor-clearfix\" data-tab=\"18\" role=\"region\" aria-labelledby=\"elementor-tab-title-10018\"><p>N\u00e3o. O servi\u00e7o de alimenta\u00e7\u00e3o \u00e9 prestado pela empresa \u201cGRSA Alimenta\u00e7\u00e3o\u201d e os valores das refei\u00e7\u00f5es s\u00e3o pagos diretamente \u00e0 empresa.<\/p><\/div>\n\t\t\t\t<\/div>\n\t\t\t\t\t\t\t<div class=\"elementor-toggle-item\">\n\t\t\t\t\t<div id=\"elementor-tab-title-10019\" class=\"elementor-tab-title\" data-tab=\"19\" role=\"button\" aria-controls=\"elementor-tab-content-10019\" aria-expanded=\"false\">\n\t\t\t\t\t\t\t\t\t\t\t\t<span class=\"elementor-toggle-icon elementor-toggle-icon-left\" aria-hidden=\"true\">\n\t\t\t\t\t\t\t\t\t\t\t\t\t\t\t<span class=\"elementor-toggle-icon-closed\"><i class=\"material zmdi zmdi-plus\"><\/i><\/span>\n\t\t\t\t\t\t\t\t<span class=\"elementor-toggle-icon-opened\"><i class=\"elementor-toggle-icon-opened fas fa-minus\"><\/i><\/span>\n\t\t\t\t\t\t\t\t\t\t\t\t\t<\/span>\n\t\t\t\t\t\t\t\t\t\t\t\t<a class=\"elementor-toggle-title\" tabindex=\"0\">Quais os custos extras que terei, al\u00e9m da mensalidade?<\/a>\n\t\t\t\t\t<\/div>\n\n\t\t\t\t\t<div id=\"elementor-tab-content-10019\" class=\"elementor-tab-content elementor-clearfix\" data-tab=\"19\" role=\"region\" aria-labelledby=\"elementor-tab-title-10019\"><p>As refei\u00e7\u00f5es, o uniforme, o transporte escolar e as atividades esportivas s\u00e3o contratadas e pagas \u00e0 parte, diretamente ao prestador do servi\u00e7o. As sa\u00eddas pedag\u00f3gicas e viagens de instru\u00e7\u00e3o devem ser pagas \u00e0 escola, quando realizadas. O material did\u00e1tico de uso coletivo e a agenda s\u00e3o fornecidos pela escola mediante pagamento de taxa anual de material. O material escolar de uso individual \u00e9 comprado pelos pais.<\/p><\/div>\n\t\t\t\t<\/div>\n\t\t\t\t\t\t\t<div class=\"elementor-toggle-item\">\n\t\t\t\t\t<div id=\"elementor-tab-title-10020\" class=\"elementor-tab-title\" data-tab=\"20\" role=\"button\" aria-controls=\"elementor-tab-content-10020\" aria-expanded=\"false\">\n\t\t\t\t\t\t\t\t\t\t\t\t<span class=\"elementor-toggle-icon elementor-toggle-icon-left\" aria-hidden=\"true\">\n\t\t\t\t\t\t\t\t\t\t\t\t\t\t\t<span class=\"elementor-toggle-icon-closed\"><i class=\"material zmdi zmdi-plus\"><\/i><\/span>\n\t\t\t\t\t\t\t\t<span class=\"elementor-toggle-icon-opened\"><i class=\"elementor-toggle-icon-opened fas fa-minus\"><\/i><\/span>\n\t\t\t\t\t\t\t\t\t\t\t\t\t<\/span>\n\t\t\t\t\t\t\t\t\t\t\t\t<a class=\"elementor-toggle-title\" tabindex=\"0\">A escola oferece transporte escolar?<\/a>\n\t\t\t\t\t<\/div>\n\n\t\t\t\t\t<div id=\"elementor-tab-content-10020\" class=\"elementor-tab-content elementor-clearfix\" data-tab=\"20\" role=\"region\" aria-labelledby=\"elementor-tab-title-10020\"><p>Esse servi\u00e7o \u00e9 terceirizado. A escola indica prestadores de servi\u00e7o para consulta, negocia\u00e7\u00e3o e contrata\u00e7\u00e3o diretamente pelos pais.<\/p><\/div>\n\t\t\t\t<\/div>\n\t\t\t\t\t\t\t<div class=\"elementor-toggle-item\">\n\t\t\t\t\t<div id=\"elementor-tab-title-10021\" class=\"elementor-tab-title\" data-tab=\"21\" role=\"button\" aria-controls=\"elementor-tab-content-10021\" aria-expanded=\"false\">\n\t\t\t\t\t\t\t\t\t\t\t\t<span class=\"elementor-toggle-icon elementor-toggle-icon-left\" aria-hidden=\"true\">\n\t\t\t\t\t\t\t\t\t\t\t\t\t\t\t<span class=\"elementor-toggle-icon-closed\"><i class=\"material zmdi zmdi-plus\"><\/i><\/span>\n\t\t\t\t\t\t\t\t<span class=\"elementor-toggle-icon-opened\"><i class=\"elementor-toggle-icon-opened fas fa-minus\"><\/i><\/span>\n\t\t\t\t\t\t\t\t\t\t\t\t\t<\/span>\n\t\t\t\t\t\t\t\t\t\t\t\t<a class=\"elementor-toggle-title\" tabindex=\"0\">Existe algum programa de bolsa de estudos? Como funciona?<\/a>\n\t\t\t\t\t<\/div>\n\n\t\t\t\t\t<div id=\"elementor-tab-content-10021\" class=\"elementor-tab-content elementor-clearfix\" data-tab=\"21\" role=\"region\" aria-labelledby=\"elementor-tab-title-10021\"><p>Sim. Existe um programa de bolsa de estudos para os alunos do Fundamental I e II e do Ensino M\u00e9dio. Para requerer a bolsa, o aluno deve ter cursado pelo menos 1 (um) ano na institui\u00e7\u00e3o. Anualmente, o Comit\u00ea de Bolsas avaliar\u00e1 os requerimentos apresentados, considerando a situa\u00e7\u00e3o financeira dos pais, as notas e o comportamento do aluno, decidindo se ser\u00e1 concedida a bolsa de estudo e qual a porcentagem do desconto, que pode ser de no m\u00e1ximo 30% sobre o valor da mensalidade. H\u00e1 tamb\u00e9m um programa de desconto para irm\u00e3os.<\/p><\/div>\n\t\t\t\t<\/div>\n\t\t\t\t\t\t\t<div class=\"elementor-toggle-item\">\n\t\t\t\t\t<div id=\"elementor-tab-title-10022\" class=\"elementor-tab-title\" data-tab=\"22\" role=\"button\" aria-controls=\"elementor-tab-content-10022\" aria-expanded=\"false\">\n\t\t\t\t\t\t\t\t\t\t\t\t<span class=\"elementor-toggle-icon elementor-toggle-icon-left\" aria-hidden=\"true\">\n\t\t\t\t\t\t\t\t\t\t\t\t\t\t\t<span class=\"elementor-toggle-icon-closed\"><i class=\"material zmdi zmdi-plus\"><\/i><\/span>\n\t\t\t\t\t\t\t\t<span class=\"elementor-toggle-icon-opened\"><i class=\"elementor-toggle-icon-opened fas fa-minus\"><\/i><\/span>\n\t\t\t\t\t\t\t\t\t\t\t\t\t<\/span>\n\t\t\t\t\t\t\t\t\t\t\t\t<a class=\"elementor-toggle-title\" tabindex=\"0\">A escola oferece desconto para brasileiros que possuem a cidadania italiana?<\/a>\n\t\t\t\t\t<\/div>\n\n\t\t\t\t\t<div id=\"elementor-tab-content-10022\" class=\"elementor-tab-content elementor-clearfix\" data-tab=\"22\" role=\"region\" aria-labelledby=\"elementor-tab-title-10022\"><p>N\u00e3o, a escola oferece o desconto pela pontualidade e tamb\u00e9m 10% de desconto na mensalidade de irm\u00e3os.<\/p><\/div>\n\t\t\t\t<\/div>\n\t\t\t\t\t\t\t<div class=\"elementor-toggle-item\">\n\t\t\t\t\t<div id=\"elementor-tab-title-10023\" class=\"elementor-tab-title\" data-tab=\"23\" role=\"button\" aria-controls=\"elementor-tab-content-10023\" aria-expanded=\"false\">\n\t\t\t\t\t\t\t\t\t\t\t\t<span class=\"elementor-toggle-icon elementor-toggle-icon-left\" aria-hidden=\"true\">\n\t\t\t\t\t\t\t\t\t\t\t\t\t\t\t<span class=\"elementor-toggle-icon-closed\"><i class=\"material zmdi zmdi-plus\"><\/i><\/span>\n\t\t\t\t\t\t\t\t<span class=\"elementor-toggle-icon-opened\"><i class=\"elementor-toggle-icon-opened fas fa-minus\"><\/i><\/span>\n\t\t\t\t\t\t\t\t\t\t\t\t\t<\/span>\n\t\t\t\t\t\t\t\t\t\t\t\t<a class=\"elementor-toggle-title\" tabindex=\"0\">A escola oferece algum desconto pela pontualidade no pagamento?<\/a>\n\t\t\t\t\t<\/div>\n\n\t\t\t\t\t<div id=\"elementor-tab-content-10023\" class=\"elementor-tab-content elementor-clearfix\" data-tab=\"23\" role=\"region\" aria-labelledby=\"elementor-tab-title-10023\"><p>Sim, se o pagamento for efetuado at\u00e9 o dia 02 do m\u00eas correspondente \u00e0 mensalidade haver\u00e1 um desconto de 4% sobre o valor da mensalidade.<\/p><\/div>\n\t\t\t\t<\/div>\n\t\t\t\t\t\t\t<div class=\"elementor-toggle-item\">\n\t\t\t\t\t<div id=\"elementor-tab-title-10024\" class=\"elementor-tab-title\" data-tab=\"24\" role=\"button\" aria-controls=\"elementor-tab-content-10024\" aria-expanded=\"false\">\n\t\t\t\t\t\t\t\t\t\t\t\t<span class=\"elementor-toggle-icon elementor-toggle-icon-left\" aria-hidden=\"true\">\n\t\t\t\t\t\t\t\t\t\t\t\t\t\t\t<span class=\"elementor-toggle-icon-closed\"><i class=\"material zmdi zmdi-plus\"><\/i><\/span>\n\t\t\t\t\t\t\t\t<span class=\"elementor-toggle-icon-opened\"><i class=\"elementor-toggle-icon-opened fas fa-minus\"><\/i><\/span>\n\t\t\t\t\t\t\t\t\t\t\t\t\t<\/span>\n\t\t\t\t\t\t\t\t\t\t\t\t<a class=\"elementor-toggle-title\" tabindex=\"0\">Qual \u00e9 o material did\u00e1tico adotado pela escola?<\/a>\n\t\t\t\t\t<\/div>\n\n\t\t\t\t\t<div id=\"elementor-tab-content-10024\" class=\"elementor-tab-content elementor-clearfix\" data-tab=\"24\" role=\"region\" aria-labelledby=\"elementor-tab-title-10024\"><p>A escola adota livros de literatura e livros did\u00e1ticos italianos e brasileiros.<\/p><\/div>\n\t\t\t\t<\/div>\n\t\t\t\t\t\t\t<div class=\"elementor-toggle-item\">\n\t\t\t\t\t<div id=\"elementor-tab-title-10025\" class=\"elementor-tab-title\" data-tab=\"25\" role=\"button\" aria-controls=\"elementor-tab-content-10025\" aria-expanded=\"false\">\n\t\t\t\t\t\t\t\t\t\t\t\t<span class=\"elementor-toggle-icon elementor-toggle-icon-left\" aria-hidden=\"true\">\n\t\t\t\t\t\t\t\t\t\t\t\t\t\t\t<span class=\"elementor-toggle-icon-closed\"><i class=\"material zmdi zmdi-plus\"><\/i><\/span>\n\t\t\t\t\t\t\t\t<span class=\"elementor-toggle-icon-opened\"><i class=\"elementor-toggle-icon-opened fas fa-minus\"><\/i><\/span>\n\t\t\t\t\t\t\t\t\t\t\t\t\t<\/span>\n\t\t\t\t\t\t\t\t\t\t\t\t<a class=\"elementor-toggle-title\" tabindex=\"0\">Tem curso de italiano para adultos?<\/a>\n\t\t\t\t\t<\/div>\n\n\t\t\t\t\t<div id=\"elementor-tab-content-10025\" class=\"elementor-tab-content elementor-clearfix\" data-tab=\"25\" role=\"region\" aria-labelledby=\"elementor-tab-title-10025\"><p>Sim, a escola \u00e9 uma sede do ICIB (Instituto Cultural \u00cdtalo-Brasileiro) para informa\u00e7\u00f5es \u00e9 necess\u00e1rio entrar em contato com a recep\u00e7\u00e3o da escola pelo telefone 37595959 ou atrav\u00e9s do e-mail: cursos@montale.com.br<\/p><\/div>\n\t\t\t\t<\/div>\n\t\t\t\t\t\t\t<div class=\"elementor-toggle-item\">\n\t\t\t\t\t<div id=\"elementor-tab-title-10026\" class=\"elementor-tab-title\" data-tab=\"26\" role=\"button\" aria-controls=\"elementor-tab-content-10026\" aria-expanded=\"false\">\n\t\t\t\t\t\t\t\t\t\t\t\t<span class=\"elementor-toggle-icon elementor-toggle-icon-left\" aria-hidden=\"true\">\n\t\t\t\t\t\t\t\t\t\t\t\t\t\t\t<span class=\"elementor-toggle-icon-closed\"><i class=\"material zmdi zmdi-plus\"><\/i><\/span>\n\t\t\t\t\t\t\t\t<span class=\"elementor-toggle-icon-opened\"><i class=\"elementor-toggle-icon-opened fas fa-minus\"><\/i><\/span>\n\t\t\t\t\t\t\t\t\t\t\t\t\t<\/span>\n\t\t\t\t\t\t\t\t\t\t\t\t<a class=\"elementor-toggle-title\" tabindex=\"0\">Meu filho poder\u00e1 trazer chupeta, cobertorzinho, um brinquedo ou algum objeto o qual est\u00e1 acostumado (a)?<\/a>\n\t\t\t\t\t<\/div>\n\n\t\t\t\t\t<div id=\"elementor-tab-content-10026\" class=\"elementor-tab-content elementor-clearfix\" data-tab=\"26\" role=\"region\" aria-labelledby=\"elementor-tab-title-10026\"><p>Sim. Os \u201cobjetos\u201d que fazem parte da vida cotidiana da crian\u00e7a podem contribuir nesta nova experi\u00eancia, tornando mais confort\u00e1vel a perman\u00eancia no espa\u00e7o escolar.<\/p><\/div>\n\t\t\t\t<\/div>\n\t\t\t\t\t\t\t<div class=\"elementor-toggle-item\">\n\t\t\t\t\t<div id=\"elementor-tab-title-10027\" class=\"elementor-tab-title\" data-tab=\"27\" role=\"button\" aria-controls=\"elementor-tab-content-10027\" aria-expanded=\"false\">\n\t\t\t\t\t\t\t\t\t\t\t\t<span class=\"elementor-toggle-icon elementor-toggle-icon-left\" aria-hidden=\"true\">\n\t\t\t\t\t\t\t\t\t\t\t\t\t\t\t<span class=\"elementor-toggle-icon-closed\"><i class=\"material zmdi zmdi-plus\"><\/i><\/span>\n\t\t\t\t\t\t\t\t<span class=\"elementor-toggle-icon-opened\"><i class=\"elementor-toggle-icon-opened fas fa-minus\"><\/i><\/span>\n\t\t\t\t\t\t\t\t\t\t\t\t\t<\/span>\n\t\t\t\t\t\t\t\t\t\t\t\t<a class=\"elementor-toggle-title\" tabindex=\"0\">O processo de alfabetiza\u00e7\u00e3o \u00e9 feito, inicialmente, em uma s\u00f3 l\u00edngua?<\/a>\n\t\t\t\t\t<\/div>\n\n\t\t\t\t\t<div id=\"elementor-tab-content-10027\" class=\"elementor-tab-content elementor-clearfix\" data-tab=\"27\" role=\"region\" aria-labelledby=\"elementor-tab-title-10027\"><p>N\u00e3o, as crian\u00e7as s\u00e3o alfabetizadas de modo simult\u00e2neo, italiano\/portugu\u00eas e, gradualmente, em ingl\u00eas.<\/p><\/div>\n\t\t\t\t<\/div>\n\t\t\t\t\t\t\t<div class=\"elementor-toggle-item\">\n\t\t\t\t\t<div id=\"elementor-tab-title-10028\" class=\"elementor-tab-title\" data-tab=\"28\" role=\"button\" aria-controls=\"elementor-tab-content-10028\" aria-expanded=\"false\">\n\t\t\t\t\t\t\t\t\t\t\t\t<span class=\"elementor-toggle-icon elementor-toggle-icon-left\" aria-hidden=\"true\">\n\t\t\t\t\t\t\t\t\t\t\t\t\t\t\t<span class=\"elementor-toggle-icon-closed\"><i class=\"material zmdi zmdi-plus\"><\/i><\/span>\n\t\t\t\t\t\t\t\t<span class=\"elementor-toggle-icon-opened\"><i class=\"elementor-toggle-icon-opened fas fa-minus\"><\/i><\/span>\n\t\t\t\t\t\t\t\t\t\t\t\t\t<\/span>\n\t\t\t\t\t\t\t\t\t\t\t\t<a class=\"elementor-toggle-title\" tabindex=\"0\">Os pais devem permanecer na escola mesmo se a crian\u00e7a estiver bem?<\/a>\n\t\t\t\t\t<\/div>\n\n\t\t\t\t\t<div id=\"elementor-tab-content-10028\" class=\"elementor-tab-content elementor-clearfix\" data-tab=\"28\" role=\"region\" aria-labelledby=\"elementor-tab-title-10028\"><p>A presen\u00e7a de um respons\u00e1vel na escola \u00e9 necess\u00e1ria mesmo que a crian\u00e7a demonstre seguran\u00e7a, pois sabemos que se trata de um processo e que, portanto, a resposta inicial da crian\u00e7a (mesmo sendo positiva) n\u00e3o \u00e9 garantia de que a adapta\u00e7\u00e3o esteja assegurada.<\/p><\/div>\n\t\t\t\t<\/div>\n\t\t\t\t\t\t\t<div class=\"elementor-toggle-item\">\n\t\t\t\t\t<div id=\"elementor-tab-title-10029\" class=\"elementor-tab-title\" data-tab=\"29\" role=\"button\" aria-controls=\"elementor-tab-content-10029\" aria-expanded=\"false\">\n\t\t\t\t\t\t\t\t\t\t\t\t<span class=\"elementor-toggle-icon elementor-toggle-icon-left\" aria-hidden=\"true\">\n\t\t\t\t\t\t\t\t\t\t\t\t\t\t\t<span class=\"elementor-toggle-icon-closed\"><i class=\"material zmdi zmdi-plus\"><\/i><\/span>\n\t\t\t\t\t\t\t\t<span class=\"elementor-toggle-icon-opened\"><i class=\"elementor-toggle-icon-opened fas fa-minus\"><\/i><\/span>\n\t\t\t\t\t\t\t\t\t\t\t\t\t<\/span>\n\t\t\t\t\t\t\t\t\t\t\t\t<a class=\"elementor-toggle-title\" tabindex=\"0\">Os professores do curr\u00edculo italiano s\u00e3o nativos?<\/a>\n\t\t\t\t\t<\/div>\n\n\t\t\t\t\t<div id=\"elementor-tab-content-10029\" class=\"elementor-tab-content elementor-clearfix\" data-tab=\"29\" role=\"region\" aria-labelledby=\"elementor-tab-title-10029\"><p>Temos professores nativos e professores que s\u00e3o formados na It\u00e1lia.<\/p><\/div>\n\t\t\t\t<\/div>\n\t\t\t\t\t\t\t\t\t\t<script type=\"application\/ld+json\">{\"@context\":\"https:\\\/\\\/schema.org\",\"@type\":\"FAQPage\",\"mainEntity\":[{\"@type\":\"Question\",\"name\":\"Qual \\u00e9 a correspond\\u00eancia das s\\u00e9ries\\\/anos entre o curr\\u00edculo brasileiro e italiano?\",\"acceptedAnswer\":{\"@type\":\"Answer\",\"text\":\"<table width=\\\"564\\\"><tbody><tr><td colspan=\\\"2\\\" width=\\\"328\\\"><strong>Scuola Italiana<\\\/strong><\\\/td><td colspan=\\\"2\\\" width=\\\"236\\\"><strong>Escola Brasileira<\\\/strong><\\\/td><\\\/tr><tr><td rowspan=\\\"5\\\" width=\\\"150\\\"><strong>Scuola<\\\/strong>\\u00a0<strong>Primaria<\\\/strong><\\\/td><td width=\\\"177\\\">1\\u00aa Primaria<\\\/td><td width=\\\"145\\\">1\\u00ba ano<\\\/td><td rowspan=\\\"9\\\" width=\\\"91\\\"><strong>Ensino<\\\/strong>\\u00a0<strong>Fundamental<\\\/strong><\\\/td><\\\/tr><tr><td width=\\\"177\\\">2\\u00aa Primaria<\\\/td><td width=\\\"145\\\">2\\u00ba ano<\\\/td><\\\/tr><tr><td width=\\\"177\\\">3\\u00aa Primaria<\\\/td><td width=\\\"145\\\">3\\u00ba ano<\\\/td><\\\/tr><tr><td width=\\\"177\\\">4\\u00aa Primaria<\\\/td><td width=\\\"145\\\">4\\u00ba ano<\\\/td><\\\/tr><tr><td width=\\\"177\\\">5\\u00aa Primaria<\\\/td><td width=\\\"145\\\">5\\u00ba ano<\\\/td><\\\/tr><tr><td rowspan=\\\"3\\\" width=\\\"150\\\"><strong>Scuola Secondaria I Grado<\\\/strong><\\\/td><td width=\\\"177\\\">I<\\\/td><td width=\\\"145\\\">6\\u00ba ano<\\\/td><\\\/tr><tr><td width=\\\"177\\\">III<\\\/td><td width=\\\"145\\\">7\\u00ba ano<\\\/td><\\\/tr><tr><td width=\\\"177\\\">III<\\\/td><td width=\\\"145\\\">8\\u00ba ano<\\\/td><\\\/tr><tr><td rowspan=\\\"4\\\" width=\\\"150\\\"><strong>Scuola Secondaria II Grado<\\\/strong><p>\\u00a0<\\\/p><p><strong>Liceo<\\\/strong><\\\/p><\\\/td><td width=\\\"177\\\">I Liceo<\\\/td><td width=\\\"145\\\">9\\u00b0<p>\\u00a0<\\\/p><p>\\u00a0<\\\/p><\\\/td><\\\/tr><tr><td width=\\\"177\\\">II Liceo<\\\/td><td width=\\\"145\\\">1\\u00aa s\\u00e9rie<\\\/td><td rowspan=\\\"3\\\" width=\\\"91\\\"><strong>\\u00a0\\u00a0 Ensino<\\\/strong>\\u00a0<strong>M\\u00e9dio<\\\/strong><\\\/td><\\\/tr><tr><td width=\\\"177\\\">III Liceo<\\\/td><td width=\\\"145\\\">2\\u00aa s\\u00e9rie<\\\/td><\\\/tr><tr><td width=\\\"177\\\">IV Liceo<\\\/td><td width=\\\"145\\\">3\\u00aa serie<\\\/td><\\\/tr><\\\/tbody><\\\/table>\"}},{\"@type\":\"Question\",\"name\":\"Al\\u00e9m do italiano, a escola oferece o ensino em ingl\\u00eas?\",\"acceptedAnswer\":{\"@type\":\"Answer\",\"text\":\"<p>Sim, a partir do 1\\u00ba ano do Ensino Fundamental (I Primaria). O projeto formativo da escola prev\\u00ea a flu\\u00eancia nas tr\\u00eas l\\u00ednguas: italiano, portugu\\u00eas e ingl\\u00eas.<\\\/p>\"}},{\"@type\":\"Question\",\"name\":\"Meu filho estuda numa escola brasileira, ele pode estudar na Montale?\",\"acceptedAnswer\":{\"@type\":\"Answer\",\"text\":\"<p>Sim, a escola \\u00e9 aberta a todos alunos que estudam em escolas brasileiras ou do exterior.<\\\/p>\"}},{\"@type\":\"Question\",\"name\":\"Meu filho nunca aprendeu italiano, a escola oferece um programa de apoio?\",\"acceptedAnswer\":{\"@type\":\"Answer\",\"text\":\"<p>Para os alunos da Scuola Primaria (anos iniciais do Ensino Fundamental), a escola oferece \\u201caulas de refor\\u00e7o\\u201d do idioma italiano durante o pr\\u00f3prio hor\\u00e1rio escolar. Para os demais, \\u00e9 previsto, al\\u00e9m do apoio no hor\\u00e1rio escolar, curso de apoio no contraturno.<\\\/p>\"}},{\"@type\":\"Question\",\"name\":\"Como realizo a matr\\u00edcula do meu filho?\",\"acceptedAnswer\":{\"@type\":\"Answer\",\"text\":\"<p>Ap\\u00f3s o preenchimento da ficha de inscri\\u00e7\\u00e3o na secretaria e entrega dos documentos necess\\u00e1rios, o contrato de presta\\u00e7\\u00e3o de servi\\u00e7os educacionais \\u00e9 assinado e deve ser feito o pagamento da matr\\u00edcula.<\\\/p>\"}},{\"@type\":\"Question\",\"name\":\"Meu filho \\u00e9 proveniente da It\\u00e1lia, deve fazer alguma adapta\\u00e7\\u00e3o ou complemento de disciplinas?\",\"acceptedAnswer\":{\"@type\":\"Answer\",\"text\":\"<p>Para os alunos provenientes da It\\u00e1lia (Scuola Secondaria di I e di II Grado), a escola prev\\u00ea um curso de apoio em l\\u00edngua portuguesa no hor\\u00e1rio escolar ou no contraturno, dependendo da situa\\u00e7\\u00e3o.<\\\/p>\"}},{\"@type\":\"Question\",\"name\":\"Quantos alunos h\\u00e1 em cada sala?\",\"acceptedAnswer\":{\"@type\":\"Answer\",\"text\":\"<p>Em conformidade com a proposta pedag\\u00f3gica da escola, todas as turmas t\\u00eam n\\u00famero reduzido de alunos, a quantidade depender\\u00e1 do n\\u00edvel de ensino\\\/ segmento.<\\\/p>\"}},{\"@type\":\"Question\",\"name\":\"Para a educa\\u00e7\\u00e3o infantil \\u00e9 necess\\u00e1rio fazer um per\\u00edodo de adapta\\u00e7\\u00e3o?\",\"acceptedAnswer\":{\"@type\":\"Answer\",\"text\":\"<p>Sim, h\\u00e1 um hor\\u00e1rio diferenciado para as duas primeiras semanas do per\\u00edodo de adapta\\u00e7\\u00e3o. Para saber mais, consulte nosso e-book exclusivo, sobre a escolha da primeira escola do seu filho.<\\\/p>\"}},{\"@type\":\"Question\",\"name\":\"Qual \\u00e9 o hor\\u00e1rio de aula no per\\u00edodo de adapta\\u00e7\\u00e3o na Educa\\u00e7\\u00e3o Infantil?\",\"acceptedAnswer\":{\"@type\":\"Answer\",\"text\":\"<p>Os hor\\u00e1rios s\\u00e3o organizados de maneira progressiva, estruturados da seguinte forma:<br \\\/>PRIMEIRA SEMANA DE AULA<br \\\/>1\\u00ba dia: das 8h \\u00e0s 10h<br \\\/>2\\u00ba dia: das 8h \\u00e0s 10h<br \\\/>3\\u00ba dia: das 8h \\u00e0s 11h<br \\\/>4\\u00ba dia: das 8h \\u00e0s 11h<br \\\/>5\\u00ba dia: das 8h \\u00e0s 12h<\\\/p><p>SEGUNDA SEMANA DE AULA<br \\\/>1\\u00ba dia: das 8h \\u00e0s 12h<br \\\/>2\\u00ba dia: das 8h \\u00e0s 13h<br \\\/>3\\u00ba dia: das 8h \\u00e0s 13h<br \\\/>4\\u00ba dia: das 8h \\u00e0s 15h30<br \\\/>5\\u00ba dia: das 8h \\u00e0s 15h30<\\\/p>\"}},{\"@type\":\"Question\",\"name\":\"Posso ficar com meu filho na sala de aula ou v\\u00ea-lo de vez em quando?\",\"acceptedAnswer\":{\"@type\":\"Answer\",\"text\":\"<p>A escola disponibiliza o sagu\\u00e3o de entrada para que os pais permane\\u00e7am ali durante o processo de adapta\\u00e7\\u00e3o, para que a socializa\\u00e7\\u00e3o ocorra com maior tranquilidade, \\u00e9 importante que o espa\\u00e7o da sala de aula seja reservado para as crian\\u00e7as e professores.<\\\/p>\"}},{\"@type\":\"Question\",\"name\":\"\\u00c9 poss\\u00edvel optar por um dos dois curr\\u00edculos, o brasileiro ou o italiano?\",\"acceptedAnswer\":{\"@type\":\"Answer\",\"text\":\"<p>N\\u00e3o, pois ambos s\\u00e3o obrigat\\u00f3rios e s\\u00e3o realizados de forma integrada<\\\/p>\"}},{\"@type\":\"Question\",\"name\":\"A escola oferece cursos extracurriculares?\",\"acceptedAnswer\":{\"@type\":\"Answer\",\"text\":\"<p>Sim, oferece atividades esportivas e culturais.<\\\/p>\"}},{\"@type\":\"Question\",\"name\":\"\\u00c9 necess\\u00e1rio reservar vaga para meu filho?\",\"acceptedAnswer\":{\"@type\":\"Answer\",\"text\":\"<p>Alternar cem determinadas classes \\u00e9 necess\\u00e1ria a reserva de vaga, em raz\\u00e3o do n\\u00famero limitado de alunos por classe. Para reservar a vaga, o respons\\u00e1vel pela crian\\u00e7a deve preencher o requerimento de matr\\u00edcula e pagar uma taxa de reserva. Este valor ser\\u00e1 descontado no valor da mensalidade, sendo confirmada a matr\\u00edcula, por\\u00e9m n\\u00e3o ser\\u00e1 devolvido em caso de desist\\u00eancia.onte\\u00fado<\\\/p>\"}},{\"@type\":\"Question\",\"name\":\"Quais s\\u00e3o os hor\\u00e1rios das aulas?\",\"acceptedAnswer\":{\"@type\":\"Answer\",\"text\":\"<table><tbody><tr><td width=\\\"235\\\">Scuola dell\\u2019Infanzia<p>\\u00a0<\\\/p><p>Educa\\u00e7\\u00e3o Infantil<\\\/p><p>\\u00a0<\\\/p><\\\/td><td width=\\\"261\\\">Parcial \\u2013 das 7h30 \\u00e0s 12h00 (sem almo\\u00e7o) ou \\u00e0s 13h00 com almo\\u00e7o.<p>\\u00a0<\\\/p><p>Das 07h30 \\u00e0s 15h30 (jornada integral)<\\\/p><p>Das 07h30 \\u00e0s 17h30min (jornada estendida)<\\\/p><\\\/td><\\\/tr><tr><td width=\\\"235\\\">Scuola Primaria (de 1\\u00ba a 5\\u00ba ano do Ensino Fundamental)<\\\/td><td width=\\\"261\\\">\\u00a0<p>\\u00a0<\\\/p><p>Das 08h \\u00e0s 15h30min<\\\/p><\\\/td><\\\/tr><tr><td width=\\\"235\\\">\\u00a0Scuola Secondaria di I grado (de 6\\u00ba ao 8\\u00ba ano do Ensino Fundamental)<\\\/td><td width=\\\"261\\\">\\u00a0<p>\\u00a0<\\\/p><p>Das 07h50 \\u00e0s 15h45min<\\\/p><\\\/td><\\\/tr><tr><td width=\\\"235\\\">Scuola Secondaria di II grado \\u2013 liceo (9\\u00b0 ano do Fundamental e Ensino M\\u00e9dio)<\\\/td><td width=\\\"261\\\">\\u00a0<p>\\u00a0<\\\/p><p>Das 07h50 \\u00e0s 15h45min<\\\/p><\\\/td><\\\/tr><\\\/tbody><\\\/table>\"}},{\"@type\":\"Question\",\"name\":\"\\u00c9 poss\\u00edvel n\\u00e3o estar na escola durante o per\\u00edodo de adapta\\u00e7\\u00e3o? \\u00c9 poss\\u00edvel que outra pessoa possa faz\\u00ea-lo?\",\"acceptedAnswer\":{\"@type\":\"Answer\",\"text\":\"<p>Sim, desde que seja garantida a perman\\u00eancia da mesma pessoa durante as duas semanas.<\\\/p>\"}},{\"@type\":\"Question\",\"name\":\"Quantas parcelas pagarei durante o ano letivo? Qual a forma de pagamento?\",\"acceptedAnswer\":{\"@type\":\"Answer\",\"text\":\"<p>A anuidade pode ser dividida em at\\u00e9 13 parcelas, sendo 12 mensalidades e 1 matr\\u00edcula e os pagamentos s\\u00e3o feitos atrav\\u00e9s de boleto banc\\u00e1rio.<\\\/p>\"}},{\"@type\":\"Question\",\"name\":\"A escola oferece alguma atividade de recrea\\u00e7\\u00e3o em hor\\u00e1rio estendido?\",\"acceptedAnswer\":{\"@type\":\"Answer\",\"text\":\"<p>As atividades de recrea\\u00e7\\u00e3o (aqui chamadas de doposcuola) s\\u00e3o organizadas para os alunos da Scuola dell\\u2019Infanzia e para os alunos da Scuola Primaria, at\\u00e9 a classe III (3\\u00ba ano). Funciona das 15h30 \\u00e0s 17h30.<\\\/p>\"}},{\"@type\":\"Question\",\"name\":\"A refei\\u00e7\\u00e3o est\\u00e1 inclusa no valor da mensalidade?\",\"acceptedAnswer\":{\"@type\":\"Answer\",\"text\":\"<p>N\\u00e3o. O servi\\u00e7o de alimenta\\u00e7\\u00e3o \\u00e9 prestado pela empresa \\u201cGRSA Alimenta\\u00e7\\u00e3o\\u201d e os valores das refei\\u00e7\\u00f5es s\\u00e3o pagos diretamente \\u00e0 empresa.<\\\/p>\"}},{\"@type\":\"Question\",\"name\":\"Quais os custos extras que terei, al\\u00e9m da mensalidade?\",\"acceptedAnswer\":{\"@type\":\"Answer\",\"text\":\"<p>As refei\\u00e7\\u00f5es, o uniforme, o transporte escolar e as atividades esportivas s\\u00e3o contratadas e pagas \\u00e0 parte, diretamente ao prestador do servi\\u00e7o. As sa\\u00eddas pedag\\u00f3gicas e viagens de instru\\u00e7\\u00e3o devem ser pagas \\u00e0 escola, quando realizadas. O material did\\u00e1tico de uso coletivo e a agenda s\\u00e3o fornecidos pela escola mediante pagamento de taxa anual de material. O material escolar de uso individual \\u00e9 comprado pelos pais.<\\\/p>\"}},{\"@type\":\"Question\",\"name\":\"A escola oferece transporte escolar?\",\"acceptedAnswer\":{\"@type\":\"Answer\",\"text\":\"<p>Esse servi\\u00e7o \\u00e9 terceirizado. A escola indica prestadores de servi\\u00e7o para consulta, negocia\\u00e7\\u00e3o e contrata\\u00e7\\u00e3o diretamente pelos pais.<\\\/p>\"}},{\"@type\":\"Question\",\"name\":\"Existe algum programa de bolsa de estudos? Como funciona?\",\"acceptedAnswer\":{\"@type\":\"Answer\",\"text\":\"<p>Sim. Existe um programa de bolsa de estudos para os alunos do Fundamental I e II e do Ensino M\\u00e9dio. Para requerer a bolsa, o aluno deve ter cursado pelo menos 1 (um) ano na institui\\u00e7\\u00e3o. Anualmente, o Comit\\u00ea de Bolsas avaliar\\u00e1 os requerimentos apresentados, considerando a situa\\u00e7\\u00e3o financeira dos pais, as notas e o comportamento do aluno, decidindo se ser\\u00e1 concedida a bolsa de estudo e qual a porcentagem do desconto, que pode ser de no m\\u00e1ximo 30% sobre o valor da mensalidade. H\\u00e1 tamb\\u00e9m um programa de desconto para irm\\u00e3os.<\\\/p>\"}},{\"@type\":\"Question\",\"name\":\"A escola oferece desconto para brasileiros que possuem a cidadania italiana?\",\"acceptedAnswer\":{\"@type\":\"Answer\",\"text\":\"<p>N\\u00e3o, a escola oferece o desconto pela pontualidade e tamb\\u00e9m 10% de desconto na mensalidade de irm\\u00e3os.<\\\/p>\"}},{\"@type\":\"Question\",\"name\":\"A escola oferece algum desconto pela pontualidade no pagamento?\",\"acceptedAnswer\":{\"@type\":\"Answer\",\"text\":\"<p>Sim, se o pagamento for efetuado at\\u00e9 o dia 02 do m\\u00eas correspondente \\u00e0 mensalidade haver\\u00e1 um desconto de 4% sobre o valor da mensalidade.<\\\/p>\"}},{\"@type\":\"Question\",\"name\":\"Qual \\u00e9 o material did\\u00e1tico adotado pela escola?\",\"acceptedAnswer\":{\"@type\":\"Answer\",\"text\":\"<p>A escola adota livros de literatura e livros did\\u00e1ticos italianos e brasileiros.<\\\/p>\"}},{\"@type\":\"Question\",\"name\":\"Tem curso de italiano para adultos?\",\"acceptedAnswer\":{\"@type\":\"Answer\",\"text\":\"<p>Sim, a escola \\u00e9 uma sede do ICIB (Instituto Cultural \\u00cdtalo-Brasileiro) para informa\\u00e7\\u00f5es \\u00e9 necess\\u00e1rio entrar em contato com a recep\\u00e7\\u00e3o da escola pelo telefone 37595959 ou atrav\\u00e9s do e-mail: cursos@montale.com.br<\\\/p>\"}},{\"@type\":\"Question\",\"name\":\"Meu filho poder\\u00e1 trazer chupeta, cobertorzinho, um brinquedo ou algum objeto o qual est\\u00e1 acostumado (a)?\",\"acceptedAnswer\":{\"@type\":\"Answer\",\"text\":\"<p>Sim. Os \\u201cobjetos\\u201d que fazem parte da vida cotidiana da crian\\u00e7a podem contribuir nesta nova experi\\u00eancia, tornando mais confort\\u00e1vel a perman\\u00eancia no espa\\u00e7o escolar.<\\\/p>\"}},{\"@type\":\"Question\",\"name\":\"O processo de alfabetiza\\u00e7\\u00e3o \\u00e9 feito, inicialmente, em uma s\\u00f3 l\\u00edngua?\",\"acceptedAnswer\":{\"@type\":\"Answer\",\"text\":\"<p>N\\u00e3o, as crian\\u00e7as s\\u00e3o alfabetizadas de modo simult\\u00e2neo, italiano\\\/portugu\\u00eas e, gradualmente, em ingl\\u00eas.<\\\/p>\"}},{\"@type\":\"Question\",\"name\":\"Os pais devem permanecer na escola mesmo se a crian\\u00e7a estiver bem?\",\"acceptedAnswer\":{\"@type\":\"Answer\",\"text\":\"<p>A presen\\u00e7a de um respons\\u00e1vel na escola \\u00e9 necess\\u00e1ria mesmo que a crian\\u00e7a demonstre seguran\\u00e7a, pois sabemos que se trata de um processo e que, portanto, a resposta inicial da crian\\u00e7a (mesmo sendo positiva) n\\u00e3o \\u00e9 garantia de que a adapta\\u00e7\\u00e3o esteja assegurada.<\\\/p>\"}},{\"@type\":\"Question\",\"name\":\"Os professores do curr\\u00edculo italiano s\\u00e3o nativos?\",\"acceptedAnswer\":{\"@type\":\"Answer\",\"text\":\"<p>Temos professores nativos e professores que s\\u00e3o formados na It\\u00e1lia.<\\\/p>\"}}]}<\/script>\n\t\t\t\t\t<\/div>\n\t\t\t\t<\/div>\n\t\t\t\t<\/div>\n\t\t            <\/div>\n        <\/div>\n                            <\/div>\n        <\/section>\n        \t\t\t\t\t<\/div>\n\t\t","protected":false},"excerpt":{"rendered":"<p>O QUE VOC\u00ca PRECISA SABER? Clique aqui e baixe os nossos conceitos-chave Qual \u00e9 a correspond\u00eancia das s\u00e9ries\/anos entre o curr\u00edculo brasileiro e italiano? Scuola Italiana Escola Brasileira Scuola\u00a0Primaria 1\u00aa Primaria 1\u00ba ano Ensino\u00a0Fundamental 2\u00aa Primaria 2\u00ba ano 3\u00aa Primaria 3\u00ba ano 4\u00aa Primaria 4\u00ba ano 5\u00aa Primaria 5\u00ba ano Scuola Secondaria I Grado I [&hellip;]<\/p>\n","protected":false},"author":1,"featured_media":0,"parent":0,"menu_order":0,"comment_status":"closed","ping_status":"closed","template":"","meta":{"footnotes":""},"class_list":["post-6049","page","type-page","status-publish","hentry"],"_links":{"self":[{"href":"http:\/\/www.montale.com.br\/pt\/wp-json\/wp\/v2\/pages\/6049","targetHints":{"allow":["GET"]}}],"collection":[{"href":"http:\/\/www.montale.com.br\/pt\/wp-json\/wp\/v2\/pages"}],"about":[{"href":"http:\/\/www.montale.com.br\/pt\/wp-json\/wp\/v2\/types\/page"}],"author":[{"embeddable":true,"href":"http:\/\/www.montale.com.br\/pt\/wp-json\/wp\/v2\/users\/1"}],"replies":[{"embeddable":true,"href":"http:\/\/www.montale.com.br\/pt\/wp-json\/wp\/v2\/comments?post=6049"}],"version-history":[{"count":41,"href":"http:\/\/www.montale.com.br\/pt\/wp-json\/wp\/v2\/pages\/6049\/revisions"}],"predecessor-version":[{"id":9380,"href":"http:\/\/www.montale.com.br\/pt\/wp-json\/wp\/v2\/pages\/6049\/revisions\/9380"}],"wp:attachment":[{"href":"http:\/\/www.montale.com.br\/pt\/wp-json\/wp\/v2\/media?parent=6049"}],"curies":[{"name":"wp","href":"https:\/\/api.w.org\/{rel}","templated":true}]}}